{"id":53486,"date":"2024-10-02T09:46:38","date_gmt":"2024-10-02T08:46:38","guid":{"rendered":"https:\/\/commons.ngi.eu\/?post_type=tribe_events&#038;p=53486"},"modified":"2024-10-02T09:46:56","modified_gmt":"2024-10-02T08:46:56","slug":"ebdvf24","status":"publish","type":"tribe_events","link":"https:\/\/commons.ngi.eu\/fr\/event\/ebdvf24\/","title":{"rendered":"<p>EBDVF24<\/p>"},"content":{"rendered":"<div class=\"tribe-events-schedule tribe-clearfix\">\n\t<p class=\"tribe-events-schedule__datetime\">\n\t\t<span class=\"tribe-events-schedule__date tribe-events-schedule__date--start\">\n\t\t\t02\/10\/2024\t\t<\/span>\n\n\t\t\n\t\t\t\t\t\t\t\t\t<span class=\"tribe-events-schedule__separator tribe-events-schedule__separator--time\">\n\t\t\t\t\t\u2014\t\t\t\t<\/span>\n\t\t\t\n\t\t\t\t\t\t\t<span class=\"tribe-events-schedule__date tribe-events-schedule__date--end\">\n\t\t\t\t\t04\/10\/2024\t\t\t\t<\/span>\n\n\t\t\t\t\n\t\t\t\n\t\t\t\t\t\t<\/p>\n<p>Le Forum europ\u00e9en sur la valeur des m\u00e9gadonn\u00e9es (European Big Data Value Forum \u2014 EBDVF) r\u00e9unit des professionnels de l\u2019industrie, des d\u00e9veloppeurs d\u2019entreprises, des chercheurs et des d\u00e9cideurs politiques de toute l\u2019Europe et d\u2019autres r\u00e9gions du monde afin de faire progresser les actions strat\u00e9giques et les activit\u00e9s industrielles et de recherche dans les domaines des donn\u00e9es et de l\u2019IA.&nbsp;<\/p><p>Cette ann\u00e9e, la manifestation aura lieu \u00e0 Budapest, en Hongrie, du 2 au 4 octobre 2024. Les dates de l\u2019EBDVF 2024 sont susceptibles d\u2019\u00eatre modifi\u00e9es, en fonction de facteurs externes impr\u00e9vus, et elles seront confirm\u00e9es d\u00e8s que possible.<\/p><p>L\u2019EBDVF 2024 est organis\u00e9 par la&nbsp;<a href=\"https:\/\/www.bdva.eu\/\" target=\"_blank\" rel=\"noreferrer noopener\">L\u2019association Big Data Value Association (BDVA),<\/a>&nbsp;en collaboration avec&nbsp;<a href=\"https:\/\/www.ai-expo.hu\/\" target=\"_blank\" rel=\"noreferrer noopener\">Ai &amp; aut EXPO,<\/a>&nbsp;<a href=\"https:\/\/www.elte.hu\/en\/\" target=\"_blank\" rel=\"noreferrer noopener\">Universit\u00e9 Lor\u00e1nd E\u00f6tv\u00f6s (ELTE),<\/a>&nbsp;<a href=\"https:\/\/www.ideal-ist.eu\/\" target=\"_blank\" rel=\"noreferrer noopener\">Ideal-IST,<\/a>&nbsp;<a href=\"https:\/\/neum.hu\/en\/\" target=\"_blank\" rel=\"noreferrer noopener\">Plateforme technologique Neumann<\/a>&nbsp;et le<a href=\"https:\/\/sztaki.hun-ren.hu\/en\" target=\"_blank\" rel=\"noreferrer noopener\">&nbsp;Institut pour la science et le contr\u00f4le informatiques (SZTAKI).&nbsp;<\/a><\/p><div class=\"tribe-block tribe-block__event-website\">\n\t<a href=\"https:\/\/european-big-data-value-forum.eu\/\" target=\"_self\">\n\t\tPlus d\u2019informations\t<\/a>\n<\/div><div class=\"tribe-block tribe-block__events-link\">\n\t\t<div class=\"tribe-events tribe-common\">\n\t\t\t<div class=\"tribe-events-c-subscribe-dropdown__container\">\n\t\t\t\t<div class=\"tribe-events-c-subscribe-dropdown\">\n\t\t\t\t\t<div class=\"tribe-common-c-btn-border tribe-events-c-subscribe-dropdown__button\">\n\t\t\t\t\t\t<svg class=\"tribe-common-c-svgicon tribe-common-c-svgicon--cal-export tribe-events-c-subscribe-dropdown__export-icon\" aria-hidden=\"true\" viewbox=\"0 0 23 17\" xmlns=\"http:\/\/www.w3.org\/2000\/svg\">\n\t<path fill-rule=\"evenodd\" clip-rule=\"evenodd\" d=\"M.128.896V16.13c0 .211.145.383.323.383h15.354c.179 0 .323-.172.323-.383V.896c0-.212-.144-.383-.323-.383H.451C.273.513.128.684.128.896Zm16 6.742h-.901V4.679H1.009v10.729h14.218v-3.336h.901V7.638ZM1.01 1.614h14.218v2.058H1.009V1.614Z\"><\/path>\n\t<path d=\"M20.5 9.846H8.312M18.524 6.953l2.89 2.909-2.855 2.855\" stroke-width=\"1.2\" stroke-linecap=\"round\" stroke-linejoin=\"round\"><\/path>\n<\/svg>\n\t\t\t\t\t\t<button class=\"tribe-events-c-subscribe-dropdown__button-text\" aria-expanded=\"false\" aria-controls=\"tribe-events-subscribe-dropdown-content\" aria-label=\"Afficher les liens permettant d? ajouter des \u00c9v\u00e8nements \u00e0 votre calendrier\">\n\t\t\t\t\t\t\tAjouter au calendrier\t\t\t\t\t\t<\/button>\n\t\t\t\t\t\t<svg class=\"tribe-common-c-svgicon tribe-common-c-svgicon--caret-down tribe-events-c-subscribe-dropdown__button-icon\" aria-hidden=\"true\" viewbox=\"0 0 10 7\" xmlns=\"http:\/\/www.w3.org\/2000\/svg\">\n\t<path fill-rule=\"evenodd\" clip-rule=\"evenodd\" d=\"M1.008.609L5 4.6 8.992.61l.958.958L5 6.517.05 1.566l.958-.958z\" class=\"tribe-common-c-svgicon__svg-fill\"><\/path>\n<\/svg>\n\t\t\t\t\t<\/div>\n\t\t\t\t\t<div id=\"tribe-events-subscribe-dropdown-content\" class=\"tribe-events-c-subscribe-dropdown__content\">\n\t\t\t\t\t\t<ul class=\"tribe-events-c-subscribe-dropdown__list\">\n\t\t\t\t\t\t\t\t\t\t\t\t\t\t\t<li class=\"tribe-events-c-subscribe-dropdown__list-item tribe-events-c-subscribe-dropdown__list-item--gcal\">\n\t\t\t\t\t\t\t\t\t<a href=\"https:\/\/www.google.com\/calendar\/event?action=TEMPLATE&amp;dates=20241002T000000\/20241004T235959&amp;text=EBDVF24&amp;details=%3Cp%3EThe+European+Big+Data+Value+Forum+%28EBDVF%29+brings+together+industry+professionals%2C+business+developers%2C+researchers+and+policy-makers+from+all+over+Europe+and+other+regions+of+the+world+to+advance+policy+actions+and+industrial+and+research+activities+in+the+areas+of+Data+and+AI.%C2%A0%3C%2Fp%3E+%3Cp%3EThis+year%2C+the+event+will+take+place+in+Budapest%2C+Hungary+from+2-4+October+2024.+The+dates+of+EBDVF+2024+are+subject+to+potential+change%2C+depending+on+unforeseen+external+factors+and+they+will+be+confirmed+as+soon+as+possible.%3C%2Fp%3E+%3Cp%3EThe+EBDVF+2024+is+organised+by+the%26nbsp%3B%3Ca+href%3D%22https%3A%2F%2Fwww.bdva.eu%2F%22+target%3D%22_blank%22+rel%3D%22noreferrer+noopener%22%3EBig+Data+Value+Association+%28BDVA%29%2C%3C%2Fa%3E%26nbsp%3Bin+collaboration+with%26nbsp%3B%3Ca+href%3D%22https%3A%2F%2Fwww.ai-expo.hu%2F%22+target%3D%22_blank%22+rel%3D%22noreferrer+noopener%22%3EAI%26amp%3BAUT+EXPO%2C%3C%2Fa%3E%26nbsp%3B%3Ca+href%3D%22https%3A%2F%2Fwww.elte.hu%2Fen%2F%22+target%3D%22_blank%22+rel%3D%22noreferrer+noopener%22%3EE%C3%B6tv%C3%B6s+Lor%C3%A1nd+University+%28ELTE%29%2C%3C%2Fa%3E%26nbsp%3B%3Ca+href%3D%22https%3A%2F%2Fwww.ideal-ist.eu%2F%22+target%3D%22_blank%22+r%3C%2Fp%3E%28Voir+toute+la+description+de+%C3%A9v%C3%A8nement+ici%C2%A0%3A+https%3A%2F%2Fcommons.ngi.eu%2Ffr%2Fevent%2Febdvf24%2F%29&amp;trp=false&amp;ctz=UTC+1&amp;sprop=website:https:\/\/commons.ngi.eu\/fr\" class=\"tribe-events-c-subscribe-dropdown__list-item-link\" target=\"_blank\" rel=\"noopener noreferrer nofollow noindex\">\n\t\t\t\t\t\t\t\t\t\tL\u2019agenda de Google\t\t\t\t\t\t\t\t\t<\/a>\n\t\t\t\t\t\t\t\t<\/li>\n\t\t\t\t\t\t\t\t\t\t\t\t\t\t\t<li class=\"tribe-events-c-subscribe-dropdown__list-item tribe-events-c-subscribe-dropdown__list-item--ical\">\n\t\t\t\t\t\t\t\t\t<a href=\"\" class=\"tribe-events-c-subscribe-dropdown__list-item-link\" target=\"_blank\" rel=\"noopener noreferrer nofollow noindex\">\n\t\t\t\t\t\t\t\t\t\tiCalendrier\t\t\t\t\t\t\t\t\t<\/a>\n\t\t\t\t\t\t\t\t<\/li>\n\t\t\t\t\t\t\t\t\t\t\t\t\t\t\t<li class=\"tribe-events-c-subscribe-dropdown__list-item tribe-events-c-subscribe-dropdown__list-item--outlook-365\">\n\t\t\t\t\t\t\t\t\t<a href=\"\" class=\"tribe-events-c-subscribe-dropdown__list-item-link\" target=\"_blank\" rel=\"noopener noreferrer nofollow noindex\">\n\t\t\t\t\t\t\t\t\t\tPerspectives 365\t\t\t\t\t\t\t\t\t<\/a>\n\t\t\t\t\t\t\t\t<\/li>\n\t\t\t\t\t\t\t\t\t\t\t\t\t\t\t<li class=\"tribe-events-c-subscribe-dropdown__list-item tribe-events-c-subscribe-dropdown__list-item--outlook-live\">\n\t\t\t\t\t\t\t\t\t<a href=\"\" class=\"tribe-events-c-subscribe-dropdown__list-item-link\" target=\"_blank\" rel=\"noopener noreferrer nofollow noindex\">\n\t\t\t\t\t\t\t\t\t\tPerspectives en cours\t\t\t\t\t\t\t\t\t<\/a>\n\t\t\t\t\t\t\t\t<\/li>\n\t\t\t\t\t\t\t\t\t\t\t\t\t<\/ul>\n\t\t\t\t\t<\/div>\n\t\t\t\t<\/div>\n\t\t\t<\/div>\n\t\t<\/div>\n\t<\/div><\/div>","protected":false},"excerpt":{"rendered":"<p>Le Forum europ\u00e9en sur la valeur des m\u00e9gadonn\u00e9es (European Big Data Value Forum \u2014 EBDVF) r\u00e9unit des professionnels du secteur, des d\u00e9veloppeurs d\u2019entreprises, des chercheurs et des d\u00e9cideurs politiques de toute l\u2019Europe et d\u2019autres r\u00e9gions du monde afin de faire progresser les actions politiques...<\/p>","protected":false},"author":2,"featured_media":53487,"template":"","meta":{"_acf_changed":false,"_tec_requires_first_save":false,"_kad_blocks_custom_css":"","_kad_blocks_head_custom_js":"","_kad_blocks_body_custom_js":"","_kad_blocks_footer_custom_js":"","_EventAllDay":true,"_EventTimezone":"UTC+1","_EventStartDate":"2024-10-02 00:00:00","_EventEndDate":"2024-10-04 23:59:59","_EventStartDateUTC":"2024-10-01 22:00:00","_EventEndDateUTC":"2024-10-04 21:59:59","_EventShowMap":false,"_EventShowMapLink":false,"_EventURL":"https:\/\/european-big-data-value-forum.eu\/","_EventCost":"","_EventCostDescription":"","_EventCurrencySymbol":"$","_EventCurrencyCode":"USD","_EventCurrencyPosition":"prefix","_EventDateTimeSeparator":"@","_EventTimeRangeSeparator":"-","_EventOrganizerID":[],"_EventVenueID":[],"_OrganizerEmail":"","_OrganizerPhone":"","_OrganizerWebsite":"","_VenueAddress":"","_VenueCity":"","_VenueCountry":"","_VenueProvince":"","_VenueState":"","_VenueZip":"","_VenuePhone":"","_VenueURL":"","_VenueStateProvince":"","_VenueLat":"","_VenueLng":"","_VenueShowMap":false,"_VenueShowMapLink":false,"_tribe_blocks_recurrence_rules":"","_tribe_blocks_recurrence_description":"","_tribe_blocks_recurrence_exclusions":"","_kad_post_transparent":"","_kad_post_title":"","_kad_post_layout":"","_kad_post_sidebar_id":"","_kad_post_content_style":"","_kad_post_vertical_padding":"","_kad_post_feature":"","_kad_post_feature_position":"","_kad_post_header":false,"_kad_post_footer":false,"_kad_post_classname":"","_tribe_events_status":"","_tribe_events_status_reason":"","_tribe_events_is_hybrid":"","_tribe_events_is_virtual":"","_tribe_events_virtual_video_source":"","_tribe_events_virtual_embed_video":"","_tribe_events_virtual_linked_button_text":"","_tribe_events_virtual_linked_button":"","_tribe_events_virtual_show_embed_at":"","_tribe_events_virtual_show_embed_to":[],"_tribe_events_virtual_show_on_event":"","_tribe_events_virtual_show_on_views":"","_tribe_events_virtual_url":"","footnotes":""},"tags":[],"tribe_events_cat":[],"class_list":["post-53486","tribe_events","type-tribe_events","status-publish","has-post-thumbnail","hentry"],"acf":[],"yoast_head":"<!-- This site is optimized with the Yoast SEO plugin v27.4 - https:\/\/yoast.com\/product\/yoast-seo-wordpress\/ -->\n<title>EBDVF24 - NGI Commons<\/title>\n<meta name=\"robots\" content=\"index, follow, max-snippet:-1, max-image-preview:large, max-video-preview:-1\" \/>\n<link rel=\"canonical\" href=\"https:\/\/commons.ngi.eu\/fr\/event\/ebdvf24\/\" \/>\n<meta property=\"og:locale\" content=\"fr_FR\" \/>\n<meta property=\"og:type\" content=\"article\" \/>\n<meta property=\"og:title\" content=\"EBDVF24 - NGI Commons\" \/>\n<meta property=\"og:description\" content=\"The European Big Data Value Forum (EBDVF) brings together industry professionals, business developers, researchers and policy-makers from all over Europe and other regions of the world to advance policy actions...\" \/>\n<meta property=\"og:url\" content=\"https:\/\/commons.ngi.eu\/fr\/event\/ebdvf24\/\" \/>\n<meta property=\"og:site_name\" content=\"NGI Commons\" \/>\n<meta property=\"article:modified_time\" content=\"2024-10-02T08:46:56+00:00\" \/>\n<meta property=\"og:image\" content=\"https:\/\/commons.ngi.eu\/wp-content\/uploads\/2024\/10\/EBDVF24.png\" \/>\n\t<meta property=\"og:image:width\" content=\"1025\" \/>\n\t<meta property=\"og:image:height\" content=\"471\" \/>\n\t<meta property=\"og:image:type\" content=\"image\/png\" \/>\n<meta name=\"twitter:card\" content=\"summary_large_image\" \/>\n<meta name=\"twitter:site\" content=\"@NGICommons\" \/>\n<meta name=\"twitter:label1\" content=\"Dur\u00e9e de lecture estim\u00e9e\" \/>\n\t<meta name=\"twitter:data1\" content=\"1 minute\" \/>\n<script type=\"application\/ld+json\" class=\"yoast-schema-graph\">{\"@context\":\"https:\\\/\\\/schema.org\",\"@graph\":[{\"@type\":\"WebPage\",\"@id\":\"https:\\\/\\\/commons.ngi.eu\\\/fr\\\/event\\\/ebdvf24\\\/\",\"url\":\"https:\\\/\\\/commons.ngi.eu\\\/fr\\\/event\\\/ebdvf24\\\/\",\"name\":\"EBDVF24 - NGI Commons\",\"isPartOf\":{\"@id\":\"https:\\\/\\\/commons.ngi.eu\\\/fr\\\/#website\"},\"primaryImageOfPage\":{\"@id\":\"https:\\\/\\\/commons.ngi.eu\\\/fr\\\/event\\\/ebdvf24\\\/#primaryimage\"},\"image\":{\"@id\":\"https:\\\/\\\/commons.ngi.eu\\\/fr\\\/event\\\/ebdvf24\\\/#primaryimage\"},\"thumbnailUrl\":\"https:\\\/\\\/commons.ngi.eu\\\/wp-content\\\/uploads\\\/2024\\\/10\\\/EBDVF24.png\",\"datePublished\":\"2024-10-02T08:46:38+00:00\",\"dateModified\":\"2024-10-02T08:46:56+00:00\",\"breadcrumb\":{\"@id\":\"https:\\\/\\\/commons.ngi.eu\\\/fr\\\/event\\\/ebdvf24\\\/#breadcrumb\"},\"inLanguage\":\"fr-FR\",\"potentialAction\":[{\"@type\":\"ReadAction\",\"target\":[\"https:\\\/\\\/commons.ngi.eu\\\/fr\\\/event\\\/ebdvf24\\\/\"]}]},{\"@type\":\"ImageObject\",\"inLanguage\":\"fr-FR\",\"@id\":\"https:\\\/\\\/commons.ngi.eu\\\/fr\\\/event\\\/ebdvf24\\\/#primaryimage\",\"url\":\"https:\\\/\\\/commons.ngi.eu\\\/wp-content\\\/uploads\\\/2024\\\/10\\\/EBDVF24.png\",\"contentUrl\":\"https:\\\/\\\/commons.ngi.eu\\\/wp-content\\\/uploads\\\/2024\\\/10\\\/EBDVF24.png\",\"width\":1025,\"height\":471,\"caption\":\"EBDVF24\"},{\"@type\":\"BreadcrumbList\",\"@id\":\"https:\\\/\\\/commons.ngi.eu\\\/fr\\\/event\\\/ebdvf24\\\/#breadcrumb\",\"itemListElement\":[{\"@type\":\"ListItem\",\"position\":1,\"name\":\"Home\",\"item\":\"https:\\\/\\\/commons.ngi.eu\\\/\"},{\"@type\":\"ListItem\",\"position\":2,\"name\":\"Events\",\"item\":\"https:\\\/\\\/commons.ngi.eu\\\/events\\\/\"},{\"@type\":\"ListItem\",\"position\":3,\"name\":\"EBDVF24\"}]},{\"@type\":\"WebSite\",\"@id\":\"https:\\\/\\\/commons.ngi.eu\\\/fr\\\/#website\",\"url\":\"https:\\\/\\\/commons.ngi.eu\\\/fr\\\/\",\"name\":\"NGI Commons\",\"description\":\"Open Source and Internet Commons for Europe\u2019s Digital Sovereignty\",\"publisher\":{\"@id\":\"https:\\\/\\\/commons.ngi.eu\\\/fr\\\/#organization\"},\"potentialAction\":[{\"@type\":\"SearchAction\",\"target\":{\"@type\":\"EntryPoint\",\"urlTemplate\":\"https:\\\/\\\/commons.ngi.eu\\\/fr\\\/?s={search_term_string}\"},\"query-input\":{\"@type\":\"PropertyValueSpecification\",\"valueRequired\":true,\"valueName\":\"search_term_string\"}}],\"inLanguage\":\"fr-FR\"},{\"@type\":\"Organization\",\"@id\":\"https:\\\/\\\/commons.ngi.eu\\\/fr\\\/#organization\",\"name\":\"NGI Commons\",\"url\":\"https:\\\/\\\/commons.ngi.eu\\\/fr\\\/\",\"logo\":{\"@type\":\"ImageObject\",\"inLanguage\":\"fr-FR\",\"@id\":\"https:\\\/\\\/commons.ngi.eu\\\/fr\\\/#\\\/schema\\\/logo\\\/image\\\/\",\"url\":\"https:\\\/\\\/commons.ngi.eu\\\/wp-content\\\/uploads\\\/2023\\\/12\\\/NGI-Commons_avatar.png\",\"contentUrl\":\"https:\\\/\\\/commons.ngi.eu\\\/wp-content\\\/uploads\\\/2023\\\/12\\\/NGI-Commons_avatar.png\",\"width\":600,\"height\":600,\"caption\":\"NGI Commons\"},\"image\":{\"@id\":\"https:\\\/\\\/commons.ngi.eu\\\/fr\\\/#\\\/schema\\\/logo\\\/image\\\/\"},\"sameAs\":[\"https:\\\/\\\/x.com\\\/NGICommons\",\"https:\\\/\\\/www.linkedin.com\\\/showcase\\\/ngi-commons\\\/\",\"https:\\\/\\\/eupolicy.social\\\/@NGICommons\",\"https:\\\/\\\/bsky.app\\\/profile\\\/ngicommons.bsky.social\"]}]}<\/script>\n<!-- \/ Yoast SEO plugin. -->","yoast_head_json":{"title":"EBDVF24 - NGI Commons","robots":{"index":"index","follow":"follow","max-snippet":"max-snippet:-1","max-image-preview":"max-image-preview:large","max-video-preview":"max-video-preview:-1"},"canonical":"https:\/\/commons.ngi.eu\/fr\/event\/ebdvf24\/","og_locale":"fr_FR","og_type":"article","og_title":"EBDVF24 - NGI Commons","og_description":"The European Big Data Value Forum (EBDVF) brings together industry professionals, business developers, researchers and policy-makers from all over Europe and other regions of the world to advance policy actions...","og_url":"https:\/\/commons.ngi.eu\/fr\/event\/ebdvf24\/","og_site_name":"NGI Commons","article_modified_time":"2024-10-02T08:46:56+00:00","og_image":[{"width":1025,"height":471,"url":"https:\/\/commons.ngi.eu\/wp-content\/uploads\/2024\/10\/EBDVF24.png","type":"image\/png"}],"twitter_card":"summary_large_image","twitter_site":"@NGICommons","twitter_misc":{"Dur\u00e9e de lecture estim\u00e9e":"1 minute"},"schema":{"@context":"https:\/\/schema.org","@graph":[{"@type":"WebPage","@id":"https:\/\/commons.ngi.eu\/fr\/event\/ebdvf24\/","url":"https:\/\/commons.ngi.eu\/fr\/event\/ebdvf24\/","name":"EBDVF24 - NGI Commons","isPartOf":{"@id":"https:\/\/commons.ngi.eu\/fr\/#website"},"primaryImageOfPage":{"@id":"https:\/\/commons.ngi.eu\/fr\/event\/ebdvf24\/#primaryimage"},"image":{"@id":"https:\/\/commons.ngi.eu\/fr\/event\/ebdvf24\/#primaryimage"},"thumbnailUrl":"https:\/\/commons.ngi.eu\/wp-content\/uploads\/2024\/10\/EBDVF24.png","datePublished":"2024-10-02T08:46:38+00:00","dateModified":"2024-10-02T08:46:56+00:00","breadcrumb":{"@id":"https:\/\/commons.ngi.eu\/fr\/event\/ebdvf24\/#breadcrumb"},"inLanguage":"fr-FR","potentialAction":[{"@type":"ReadAction","target":["https:\/\/commons.ngi.eu\/fr\/event\/ebdvf24\/"]}]},{"@type":"ImageObject","inLanguage":"fr-FR","@id":"https:\/\/commons.ngi.eu\/fr\/event\/ebdvf24\/#primaryimage","url":"https:\/\/commons.ngi.eu\/wp-content\/uploads\/2024\/10\/EBDVF24.png","contentUrl":"https:\/\/commons.ngi.eu\/wp-content\/uploads\/2024\/10\/EBDVF24.png","width":1025,"height":471,"caption":"EBDVF24"},{"@type":"BreadcrumbList","@id":"https:\/\/commons.ngi.eu\/fr\/event\/ebdvf24\/#breadcrumb","itemListElement":[{"@type":"ListItem","position":1,"name":"Home","item":"https:\/\/commons.ngi.eu\/"},{"@type":"ListItem","position":2,"name":"Events","item":"https:\/\/commons.ngi.eu\/events\/"},{"@type":"ListItem","position":3,"name":"EBDVF24"}]},{"@type":"WebSite","@id":"https:\/\/commons.ngi.eu\/fr\/#website","url":"https:\/\/commons.ngi.eu\/fr\/","name":"NGI Commons","description":"Open Source and Internet Commons for Europe\u2019s Digital Sovereignty","publisher":{"@id":"https:\/\/commons.ngi.eu\/fr\/#organization"},"potentialAction":[{"@type":"SearchAction","target":{"@type":"EntryPoint","urlTemplate":"https:\/\/commons.ngi.eu\/fr\/?s={search_term_string}"},"query-input":{"@type":"PropertyValueSpecification","valueRequired":true,"valueName":"search_term_string"}}],"inLanguage":"fr-FR"},{"@type":"Organization","@id":"https:\/\/commons.ngi.eu\/fr\/#organization","name":"NGI Commons","url":"https:\/\/commons.ngi.eu\/fr\/","logo":{"@type":"ImageObject","inLanguage":"fr-FR","@id":"https:\/\/commons.ngi.eu\/fr\/#\/schema\/logo\/image\/","url":"https:\/\/commons.ngi.eu\/wp-content\/uploads\/2023\/12\/NGI-Commons_avatar.png","contentUrl":"https:\/\/commons.ngi.eu\/wp-content\/uploads\/2023\/12\/NGI-Commons_avatar.png","width":600,"height":600,"caption":"NGI Commons"},"image":{"@id":"https:\/\/commons.ngi.eu\/fr\/#\/schema\/logo\/image\/"},"sameAs":["https:\/\/x.com\/NGICommons","https:\/\/www.linkedin.com\/showcase\/ngi-commons\/","https:\/\/eupolicy.social\/@NGICommons","https:\/\/bsky.app\/profile\/ngicommons.bsky.social"]}]}},"taxonomy_info":[],"featured_image_src_large":["https:\/\/commons.ngi.eu\/wp-content\/uploads\/2024\/10\/EBDVF24.png",1024,471,false],"author_info":{"display_name":"margfmartel16","author_link":"https:\/\/commons.ngi.eu\/fr\/author\/margfmartel16\/"},"comment_info":"","_links":{"self":[{"href":"https:\/\/commons.ngi.eu\/fr\/wp-json\/wp\/v2\/tribe_events\/53486","targetHints":{"allow":["GET"]}}],"collection":[{"href":"https:\/\/commons.ngi.eu\/fr\/wp-json\/wp\/v2\/tribe_events"}],"about":[{"href":"https:\/\/commons.ngi.eu\/fr\/wp-json\/wp\/v2\/types\/tribe_events"}],"author":[{"embeddable":true,"href":"https:\/\/commons.ngi.eu\/fr\/wp-json\/wp\/v2\/users\/2"}],"version-history":[{"count":1,"href":"https:\/\/commons.ngi.eu\/fr\/wp-json\/wp\/v2\/tribe_events\/53486\/revisions"}],"predecessor-version":[{"id":53488,"href":"https:\/\/commons.ngi.eu\/fr\/wp-json\/wp\/v2\/tribe_events\/53486\/revisions\/53488"}],"wp:featuredmedia":[{"embeddable":true,"href":"https:\/\/commons.ngi.eu\/fr\/wp-json\/wp\/v2\/media\/53487"}],"wp:attachment":[{"href":"https:\/\/commons.ngi.eu\/fr\/wp-json\/wp\/v2\/media?parent=53486"}],"wp:term":[{"taxonomy":"post_tag","embeddable":true,"href":"https:\/\/commons.ngi.eu\/fr\/wp-json\/wp\/v2\/tags?post=53486"},{"taxonomy":"tribe_events_cat","embeddable":true,"href":"https:\/\/commons.ngi.eu\/fr\/wp-json\/wp\/v2\/tribe_events_cat?post=53486"}],"curies":[{"name":"wp","href":"https:\/\/api.w.org\/{rel}","templated":true}]}}